{"id":989,"date":"2019-01-09T09:13:00","date_gmt":"2019-01-17T09:54:56","guid":{"rendered":"https:\/\/www.le-regal.eu\/produit\/pack-stand-mini-pelle-presentation-boards\/"},"modified":"2021-04-29T12:46:46","modified_gmt":"2021-04-29T10:46:46","slug":"pack-stand-mini-pelle-presentation-boards","status":"publish","type":"product","link":"https:\/\/www.le-regal.eu\/en\/produit\/pack-stand-mini-pelle-presentation-boards\/","title":{"rendered":"Pack Stand + Mini Pelle"},"content":{"rendered":"<p>Presentation boards in French oak. Designed as the perfect showcase for lovingly prepared produce. Dubbed \u2018Pelle\u2019 in reference to the grain scoops that inspired the design, these boards have one mission: to set off your culinary creations!<\/p>\n<p><strong>Sustainable Production<\/strong><\/p>\n<p>Le R\u00e9gal has adopted a sustainable development strategy that respects the entire forest-wood chain.<\/p>\n<p>By sourcing its raw materials locally, all Le R\u00e9gal woods are selected with the greatest care, in line with rigorous criteria in terms of quality, traceability and sustainable management of the French forest.<\/p>\n","protected":false},"excerpt":{"rendered":"<p>This pack is comprised of a Pelle Stand and 6 Mini Pelles. A great way to display your LE REGAL boards in your kitchen and use them for all your moments of indulgence. Each piece of the LE R\u00c9GAL collection is stamped with its vintage, specifying the origin of the wood and its year of manufacture.<\/p>\n<p>&nbsp;<\/p>\n<ul>\n<li>Pelle presentation board in French oak&lt;\/ li&gt;<\/li>\n<li>Vintage: indicating the year of manufacture and the origin of the wood<\/li>\n<li>Treated with grapeseed oil<\/li>\n<li>Pack comprised of: Pelle Stand and 6 Mini Pelle presentation boards<\/li>\n<\/ul>\n","protected":false},"featured_media":0,"comment_status":"open","ping_status":"closed","template":"","meta":{"_acf_changed":false,"_et_pb_use_builder":"off","_et_pb_old_content":"Planche de pr\u00e9sentation en ch\u00eane fran\u00e7ais. Elle a \u00e9t\u00e9 con\u00e7ue pour mettre en valeur les meilleurs produits. Inspir\u00e9es des pelles de meunier, ces \u00e9crins ont une mission : sublimer toutes vos cr\u00e9ations !\r\n\r\n<strong>Production Durable<\/strong>\r\n\r\nLe R\u00e9gal s\u2019inscrit dans une d\u00e9marche de d\u00e9veloppement durable, valorisant l\u2019ensemble de la cha\u00eene du bois.\r\n\r\nDans le cadre d\u2019un approvisionnement en circuit court, tous les bois Le R\u00e9gal sont s\u00e9lectionn\u00e9s avec le plus grand soin, selon de rigoureux crit\u00e8res de qualit\u00e9, de tra\u00e7abilit\u00e9 et de gestion durable de la for\u00eat fran\u00e7aise.","_et_gb_content_width":"","_mo_disable_npp":""},"product_brand":[],"product_cat":[49],"product_tag":[],"class_list":{"0":"post-989","1":"product","2":"type-product","3":"status-publish","5":"product_cat-the-packs","6":"pif-has-gallery","8":"first","9":"onbackorder","10":"taxable","11":"shipping-taxable","12":"purchasable","13":"product-type-simple"},"acf":[],"yoast_head":"<!-- This site is optimized with the Yoast SEO plugin v27.2 - https:\/\/yoast.com\/product\/yoast-seo-wordpress\/ -->\n<title>Present your appetizers, cheese platters and more in style<\/title>\n<meta name=\"description\" content=\"Present your appetizers, cheese platters and more in style with the wooden boards from Le R\u00e9gal. Designed by C+B Lefebvre for Le R\u00e9gal\" \/>\n<meta name=\"robots\" content=\"index, follow, max-snippet:-1, max-image-preview:large, max-video-preview:-1\" \/>\n<link rel=\"canonical\" href=\"https:\/\/www.le-regal.eu\/en\/produit\/pack-stand-mini-pelle-presentation-boards\/\" \/>\n<meta property=\"og:locale\" content=\"en_US\" \/>\n<meta property=\"og:type\" content=\"article\" \/>\n<meta property=\"og:title\" content=\"Present your appetizers, cheese platters and more in style\" \/>\n<meta property=\"og:description\" content=\"Present your appetizers, cheese platters and more in style with the wooden boards from Le R\u00e9gal. Designed by C+B Lefebvre for Le R\u00e9gal\" \/>\n<meta property=\"og:url\" content=\"https:\/\/www.le-regal.eu\/en\/produit\/pack-stand-mini-pelle-presentation-boards\/\" \/>\n<meta property=\"og:site_name\" content=\"Le Regal\" \/>\n<meta property=\"article:modified_time\" content=\"2021-04-29T10:46:46+00:00\" \/>\n<meta name=\"twitter:card\" content=\"summary_large_image\" \/>\n<script type=\"application\/ld+json\" class=\"yoast-schema-graph\">{\"@context\":\"https:\/\/schema.org\",\"@graph\":[{\"@type\":\"WebPage\",\"@id\":\"https:\/\/www.le-regal.eu\/en\/produit\/pack-stand-mini-pelle-presentation-boards\/\",\"url\":\"https:\/\/www.le-regal.eu\/en\/produit\/pack-stand-mini-pelle-presentation-boards\/\",\"name\":\"Present your appetizers, cheese platters and more in style\",\"isPartOf\":{\"@id\":\"https:\/\/www.le-regal.eu\/#website\"},\"datePublished\":\"2019-01-17T09:54:56+00:00\",\"dateModified\":\"2021-04-29T10:46:46+00:00\",\"description\":\"Present your appetizers, cheese platters and more in style with the wooden boards from Le R\u00e9gal. Designed by C+B Lefebvre for Le R\u00e9gal\",\"breadcrumb\":{\"@id\":\"https:\/\/www.le-regal.eu\/en\/produit\/pack-stand-mini-pelle-presentation-boards\/#breadcrumb\"},\"inLanguage\":\"en-US\",\"potentialAction\":[{\"@type\":\"ReadAction\",\"target\":[\"https:\/\/www.le-regal.eu\/en\/produit\/pack-stand-mini-pelle-presentation-boards\/\"]}]},{\"@type\":\"BreadcrumbList\",\"@id\":\"https:\/\/www.le-regal.eu\/en\/produit\/pack-stand-mini-pelle-presentation-boards\/#breadcrumb\",\"itemListElement\":[{\"@type\":\"ListItem\",\"position\":1,\"name\":\"Accueil\",\"item\":\"https:\/\/www.le-regal.eu\/en\/\"},{\"@type\":\"ListItem\",\"position\":2,\"name\":\"Produits\",\"item\":\"https:\/\/www.le-regal.eu\/shop\/\"},{\"@type\":\"ListItem\",\"position\":3,\"name\":\"Pack Stand + Mini Pelle\"}]},{\"@type\":\"WebSite\",\"@id\":\"https:\/\/www.le-regal.eu\/#website\",\"url\":\"https:\/\/www.le-regal.eu\/\",\"name\":\"Le Regal\",\"description\":\"Des ustensiles en bois, au design unique et respectueux de l\u2019environnement pour partager des moments conviviaux de gourmandise fran\u00e7aise.\",\"publisher\":{\"@id\":\"https:\/\/www.le-regal.eu\/#organization\"},\"potentialAction\":[{\"@type\":\"SearchAction\",\"target\":{\"@type\":\"EntryPoint\",\"urlTemplate\":\"https:\/\/www.le-regal.eu\/?s={search_term_string}\"},\"query-input\":{\"@type\":\"PropertyValueSpecification\",\"valueRequired\":true,\"valueName\":\"search_term_string\"}}],\"inLanguage\":\"en-US\"},{\"@type\":\"Organization\",\"@id\":\"https:\/\/www.le-regal.eu\/#organization\",\"name\":\"Le R\u00e9gal\",\"url\":\"https:\/\/www.le-regal.eu\/\",\"logo\":{\"@type\":\"ImageObject\",\"inLanguage\":\"en-US\",\"@id\":\"https:\/\/www.le-regal.eu\/#\/schema\/logo\/image\/\",\"url\":\"https:\/\/www.le-regal.eu\/wp-content\/uploads\/2021\/02\/576-47c413ae1090e1.jpg\",\"contentUrl\":\"https:\/\/www.le-regal.eu\/wp-content\/uploads\/2021\/02\/576-47c413ae1090e1.jpg\",\"width\":316,\"height\":316,\"caption\":\"Le R\u00e9gal\"},\"image\":{\"@id\":\"https:\/\/www.le-regal.eu\/#\/schema\/logo\/image\/\"}}]}<\/script>\n<!-- \/ Yoast SEO plugin. -->","yoast_head_json":{"title":"Present your appetizers, cheese platters and more in style","description":"Present your appetizers, cheese platters and more in style with the wooden boards from Le R\u00e9gal. Designed by C+B Lefebvre for Le R\u00e9gal","robots":{"index":"index","follow":"follow","max-snippet":"max-snippet:-1","max-image-preview":"max-image-preview:large","max-video-preview":"max-video-preview:-1"},"canonical":"https:\/\/www.le-regal.eu\/en\/produit\/pack-stand-mini-pelle-presentation-boards\/","og_locale":"en_US","og_type":"article","og_title":"Present your appetizers, cheese platters and more in style","og_description":"Present your appetizers, cheese platters and more in style with the wooden boards from Le R\u00e9gal. Designed by C+B Lefebvre for Le R\u00e9gal","og_url":"https:\/\/www.le-regal.eu\/en\/produit\/pack-stand-mini-pelle-presentation-boards\/","og_site_name":"Le Regal","article_modified_time":"2021-04-29T10:46:46+00:00","twitter_card":"summary_large_image","schema":{"@context":"https:\/\/schema.org","@graph":[{"@type":"WebPage","@id":"https:\/\/www.le-regal.eu\/en\/produit\/pack-stand-mini-pelle-presentation-boards\/","url":"https:\/\/www.le-regal.eu\/en\/produit\/pack-stand-mini-pelle-presentation-boards\/","name":"Present your appetizers, cheese platters and more in style","isPartOf":{"@id":"https:\/\/www.le-regal.eu\/#website"},"datePublished":"2019-01-17T09:54:56+00:00","dateModified":"2021-04-29T10:46:46+00:00","description":"Present your appetizers, cheese platters and more in style with the wooden boards from Le R\u00e9gal. Designed by C+B Lefebvre for Le R\u00e9gal","breadcrumb":{"@id":"https:\/\/www.le-regal.eu\/en\/produit\/pack-stand-mini-pelle-presentation-boards\/#breadcrumb"},"inLanguage":"en-US","potentialAction":[{"@type":"ReadAction","target":["https:\/\/www.le-regal.eu\/en\/produit\/pack-stand-mini-pelle-presentation-boards\/"]}]},{"@type":"BreadcrumbList","@id":"https:\/\/www.le-regal.eu\/en\/produit\/pack-stand-mini-pelle-presentation-boards\/#breadcrumb","itemListElement":[{"@type":"ListItem","position":1,"name":"Accueil","item":"https:\/\/www.le-regal.eu\/en\/"},{"@type":"ListItem","position":2,"name":"Produits","item":"https:\/\/www.le-regal.eu\/shop\/"},{"@type":"ListItem","position":3,"name":"Pack Stand + Mini Pelle"}]},{"@type":"WebSite","@id":"https:\/\/www.le-regal.eu\/#website","url":"https:\/\/www.le-regal.eu\/","name":"Le Regal","description":"Des ustensiles en bois, au design unique et respectueux de l\u2019environnement pour partager des moments conviviaux de gourmandise fran\u00e7aise.","publisher":{"@id":"https:\/\/www.le-regal.eu\/#organization"},"potentialAction":[{"@type":"SearchAction","target":{"@type":"EntryPoint","urlTemplate":"https:\/\/www.le-regal.eu\/?s={search_term_string}"},"query-input":{"@type":"PropertyValueSpecification","valueRequired":true,"valueName":"search_term_string"}}],"inLanguage":"en-US"},{"@type":"Organization","@id":"https:\/\/www.le-regal.eu\/#organization","name":"Le R\u00e9gal","url":"https:\/\/www.le-regal.eu\/","logo":{"@type":"ImageObject","inLanguage":"en-US","@id":"https:\/\/www.le-regal.eu\/#\/schema\/logo\/image\/","url":"https:\/\/www.le-regal.eu\/wp-content\/uploads\/2021\/02\/576-47c413ae1090e1.jpg","contentUrl":"https:\/\/www.le-regal.eu\/wp-content\/uploads\/2021\/02\/576-47c413ae1090e1.jpg","width":316,"height":316,"caption":"Le R\u00e9gal"},"image":{"@id":"https:\/\/www.le-regal.eu\/#\/schema\/logo\/image\/"}}]}},"_links":{"self":[{"href":"https:\/\/www.le-regal.eu\/en\/wp-json\/wp\/v2\/product\/989","targetHints":{"allow":["GET"]}}],"collection":[{"href":"https:\/\/www.le-regal.eu\/en\/wp-json\/wp\/v2\/product"}],"about":[{"href":"https:\/\/www.le-regal.eu\/en\/wp-json\/wp\/v2\/types\/product"}],"replies":[{"embeddable":true,"href":"https:\/\/www.le-regal.eu\/en\/wp-json\/wp\/v2\/comments?post=989"}],"wp:attachment":[{"href":"https:\/\/www.le-regal.eu\/en\/wp-json\/wp\/v2\/media?parent=989"}],"wp:term":[{"taxonomy":"product_brand","embeddable":true,"href":"https:\/\/www.le-regal.eu\/en\/wp-json\/wp\/v2\/product_brand?post=989"},{"taxonomy":"product_cat","embeddable":true,"href":"https:\/\/www.le-regal.eu\/en\/wp-json\/wp\/v2\/product_cat?post=989"},{"taxonomy":"product_tag","embeddable":true,"href":"https:\/\/www.le-regal.eu\/en\/wp-json\/wp\/v2\/product_tag?post=989"}],"curies":[{"name":"wp","href":"https:\/\/api.w.org\/{rel}","templated":true}]}}